{"id":61,"date":"2026-01-21T13:58:24","date_gmt":"2026-01-21T13:58:24","guid":{"rendered":"https:\/\/gvkik.hu\/varostitkai\/?page_id=61"},"modified":"2026-04-20T11:32:15","modified_gmt":"2026-04-20T11:32:15","slug":"4-az-allam-en-vagyok","status":"publish","type":"page","link":"https:\/\/gvkik.hu\/varostitkai\/4-az-allam-en-vagyok\/","title":{"rendered":"4. Az \u00e1llam \u00e9n vagyok"},"content":{"rendered":"\n<p><strong>M\u00e1jus 3. vas\u00e1rnap<\/strong>\u00a0\u2013 A 3-4. feladat felt\u00f6lt\u00e9s\u00e9nek hat\u00e1rideje<\/p>\n\n\n\n<p>G\u00f6d\u00f6ll\u0151 a politika \u00e9s t\u00f6rt\u00e9nelem k\u00f6z\u00e9ppontj\u00e1ban<\/p>\n\n\n\n<p><em>\u00c9rt\u00e9kel\u00e9si szempontok:<\/em> st\u00edlus, humor, kreativit\u00e1s<\/p>\n\n\n\n<p><strong>S\u00edrvers, limerick \u00e9s bakancslista \u00edr\u00e1sa<\/strong> \u2013 V\u00e1lasszatok egy m\u00e1r nem \u00e9l\u0151 szem\u00e9lyt G\u00f6d\u00f6ll\u0151 politikai, t\u00f6rt\u00e9nelmi tabl\u00f3j\u00e1r\u00f3l \u00e9s \u00edrj\u00e1tok meg a 10 t\u00e9telb\u0151l \u00e1ll\u00f3 bakancslist\u00e1j\u00e1t, vicces s\u00edrvers\u00e9t \u00e9s k\u00f6ltsetek r\u00f3la egy humoros, ak\u00e1r pajz\u00e1n limericket is&nbsp; (a j\u00f3\u00edzl\u00e9s hat\u00e1rain bel\u00fcl).<\/p>\n\n\n\n<p>A <strong>limerick<\/strong> k\u00f6t\u00f6tt form\u00e1j\u00fa, \u00f6tsoros vers, jellemz\u0151en abszurd, humoros vagy pajz\u00e1n elemekkel. R\u00edmk\u00e9plete AABBA, a harmadik \u00e9s negyedik sor \u00e1ltal\u00e1ban r\u00f6videbb \u00e9s els\u0151 sora v\u00e9g\u00e9n mindig egy n\u00e9v \u00e1ll, akir\u0151l a versike sz\u00f3l.<\/p>\n\n\n\n<p>A <strong>s\u00edrvers<\/strong> (epit\u00e1fium) olyan r\u00f6vid sz\u00f6veg vagy vers, amelyet a s\u00edrk\u00f6v\u00f6n helyeznek el az elhunyt eml\u00e9k\u00e9re. Jellemz\u0151i: r\u00f6vid, t\u00f6m\u00f6r, az elhunyt eml\u00e9k\u00e9t \u0151rzi, lehet komoly, meghat\u00f3 vagy n\u00e9ha humoros is.<\/p>\n\n\n\n<p>P\u00e9ldak\u00e9nt \u00e1lljon itt a mi megold\u00e1sunk Sisir\u0151l.<\/p>\n\n\n\n<p><strong>Bakancslista:<\/strong><\/p>\n\n\n<div class=\"wp-block-image\">\n<figure class=\"alignright size-large is-resized\"><img loading=\"lazy\" decoding=\"async\" width=\"1024\" height=\"559\" src=\"https:\/\/gvkik.hu\/varostitkai\/wp-content\/uploads\/2026\/04\/sissi_vagyai-1-1024x559.png\" alt=\"\" class=\"wp-image-609\" style=\"width:490px;height:auto\" srcset=\"https:\/\/gvkik.hu\/varostitkai\/wp-content\/uploads\/2026\/04\/sissi_vagyai-1-1024x559.png 1024w, https:\/\/gvkik.hu\/varostitkai\/wp-content\/uploads\/2026\/04\/sissi_vagyai-1-300x164.png 300w, https:\/\/gvkik.hu\/varostitkai\/wp-content\/uploads\/2026\/04\/sissi_vagyai-1-768x419.png 768w, https:\/\/gvkik.hu\/varostitkai\/wp-content\/uploads\/2026\/04\/sissi_vagyai-1-1536x838.png 1536w, https:\/\/gvkik.hu\/varostitkai\/wp-content\/uploads\/2026\/04\/sissi_vagyai-1-2048x1117.png 2048w\" sizes=\"auto, (max-width: 1024px) 100vw, 1024px\" \/><\/figure>\n<\/div>\n\n\n<ol class=\"wp-block-list\">\n<li>Letenni a magyar fels\u0151fok\u00fa nyelvvizsg\u00e1t<\/li>\n\n\n\n<li>Romantikus h\u00e9tv\u00e9g\u00e9re utazni k\u00eds\u00e9r\u0151k n\u00e9lk\u00fcl Andr\u00e1ssy Gyula gr\u00f3ffal<\/li>\n\n\n\n<li>Teljes fels\u0151-als\u00f3 fogp\u00f3tl\u00e1s implant\u00e1tummal<\/li>\n\n\n\n<li>Benevezni \u00e9s megnyerni a Fitness \u00e9s Test\u00e9p\u00edt\u0151 Eur\u00f3pa-bajnoks\u00e1got<\/li>\n\n\n\n<li>Felolvasni saj\u00e1t verseit a Sir\u00e1ly a Burgban k\u00f6nyvbemutat\u00f3n az \u00cdr\u00f3k Boltj\u00e1ban<\/li>\n\n\n\n<li>Megk\u00f3stolni a g\u00f6d\u00f6ll\u0151i Sissi Fagyiz\u00f3 narancsos ibolyafagylaltj\u00e1t<\/li>\n\n\n\n<li>R\u00e9szt venni a 9 napos L\u00f3h\u00e1ton Erd\u00e9lyben lovas kalandon<\/li>\n\n\n\n<li>Csajos est\u00e9re menni Ferenczy Id\u00e1val \u00e9s megn\u00e9zni a Cs\u00e1rd\u00e1skir\u00e1lyn\u0151t<\/li>\n\n\n\n<li>Fogy\u00f3k\u00far\u00e1s \u00e9trendkieg\u00e9sz\u00edt\u0151t piacra dobni Sisi Titka n\u00e9ven<\/li>\n\n\n\n<li>Egyszer pukkad\u00e1sig enni mag\u00e1t bajor virslivel<\/li>\n<\/ol>\n\n\n\n<p>+1 Egyszer egy j\u00f3\u00edz\u0171 magyar k\u00e1romkod\u00e1ssal Zs\u00f3fia f\u0151hercegn\u00e9be fojtani a sz\u00f3t<\/p>\n\n\n\n<p><strong>S\u00edrvers:<\/strong><\/p>\n\n\n\n<blockquote class=\"wp-block-quote is-layout-flow wp-block-quote-is-layout-flow\">\n<p><strong>Eg\u00e9sz \u00e9letemben szor\u00edtott a vil\u00e1g \u2014<br>most f\u0171z\u0151 n\u00e9lk\u00fcl is karcs\u00fa vagyok m\u00e1r.<\/strong><\/p>\n<\/blockquote>\n\n\n\n<figure class=\"wp-block-image size-large\"><img loading=\"lazy\" decoding=\"async\" width=\"1024\" height=\"661\" src=\"https:\/\/gvkik.hu\/varostitkai\/wp-content\/uploads\/2026\/04\/7054cba97d473daf70ffd12742bf5192-1024x661.jpeg\" alt=\"\" class=\"wp-image-604\" srcset=\"https:\/\/gvkik.hu\/varostitkai\/wp-content\/uploads\/2026\/04\/7054cba97d473daf70ffd12742bf5192-1024x661.jpeg 1024w, https:\/\/gvkik.hu\/varostitkai\/wp-content\/uploads\/2026\/04\/7054cba97d473daf70ffd12742bf5192-300x194.jpeg 300w, https:\/\/gvkik.hu\/varostitkai\/wp-content\/uploads\/2026\/04\/7054cba97d473daf70ffd12742bf5192-768x496.jpeg 768w, https:\/\/gvkik.hu\/varostitkai\/wp-content\/uploads\/2026\/04\/7054cba97d473daf70ffd12742bf5192-1536x992.jpeg 1536w, https:\/\/gvkik.hu\/varostitkai\/wp-content\/uploads\/2026\/04\/7054cba97d473daf70ffd12742bf5192-2048x1323.jpeg 2048w\" sizes=\"auto, (max-width: 1024px) 100vw, 1024px\" \/><\/figure>\n\n\n\n<p><\/p>\n\n\n\n<blockquote class=\"wp-block-quote is-layout-flow wp-block-quote-is-layout-flow\">\n<p><strong>Limerick:<\/strong><\/p>\n\n\n\n<p>Volt egyszer egy cs\u00e1sz\u00e1rn\u00e9, Sisi,<br>kit szor\u00edtott az etikett kicsit,<\/p>\n\n\n\n<p>Andr\u00e1ssy ha j\u00f6tt<br>a t\u00f6meg csak d\u00f6rm\u00f6g\u00f6tt<br>Mindenre ezt mondta: \u201eHiszi a piszi!\u201d<\/p>\n<\/blockquote>\n","protected":false},"excerpt":{"rendered":"<p>M\u00e1jus 3. vas\u00e1rnap\u00a0\u2013 A 3-4. feladat felt\u00f6lt\u00e9s\u00e9nek hat\u00e1rideje G\u00f6d\u00f6ll\u0151 a politika \u00e9s t\u00f6rt\u00e9nelem k\u00f6z\u00e9ppontj\u00e1ban \u00c9rt\u00e9kel\u00e9si szempontok: st\u00edlus, humor, kreativit\u00e1s S\u00edrvers, limerick \u00e9s bakancslista \u00edr\u00e1sa \u2013 V\u00e1lasszatok egy m\u00e1r nem \u00e9l\u0151 szem\u00e9lyt G\u00f6d\u00f6ll\u0151 politikai, t\u00f6rt\u00e9nelmi tabl\u00f3j\u00e1r\u00f3l \u00e9s \u00edrj\u00e1tok meg a 10 t\u00e9telb\u0151l \u00e1ll\u00f3 bakancslist\u00e1j\u00e1t, vicces s\u00edrvers\u00e9t \u00e9s k\u00f6ltsetek r\u00f3la egy humoros, ak\u00e1r pajz\u00e1n limericket is&nbsp; (a &#8230; <a title=\"4. Az \u00e1llam \u00e9n vagyok\" class=\"read-more\" href=\"https:\/\/gvkik.hu\/varostitkai\/4-az-allam-en-vagyok\/\" aria-label=\"Read more about 4. Az \u00e1llam \u00e9n vagyok\">Olvass tov\u00e1bb<\/a><\/p>\n","protected":false},"author":1,"featured_media":0,"parent":0,"menu_order":0,"comment_status":"closed","ping_status":"closed","template":"","meta":{"footnotes":""},"class_list":["post-61","page","type-page","status-publish"],"_links":{"self":[{"href":"https:\/\/gvkik.hu\/varostitkai\/wp-json\/wp\/v2\/pages\/61","targetHints":{"allow":["GET"]}}],"collection":[{"href":"https:\/\/gvkik.hu\/varostitkai\/wp-json\/wp\/v2\/pages"}],"about":[{"href":"https:\/\/gvkik.hu\/varostitkai\/wp-json\/wp\/v2\/types\/page"}],"author":[{"embeddable":true,"href":"https:\/\/gvkik.hu\/varostitkai\/wp-json\/wp\/v2\/users\/1"}],"replies":[{"embeddable":true,"href":"https:\/\/gvkik.hu\/varostitkai\/wp-json\/wp\/v2\/comments?post=61"}],"version-history":[{"count":9,"href":"https:\/\/gvkik.hu\/varostitkai\/wp-json\/wp\/v2\/pages\/61\/revisions"}],"predecessor-version":[{"id":629,"href":"https:\/\/gvkik.hu\/varostitkai\/wp-json\/wp\/v2\/pages\/61\/revisions\/629"}],"wp:attachment":[{"href":"https:\/\/gvkik.hu\/varostitkai\/wp-json\/wp\/v2\/media?parent=61"}],"curies":[{"name":"wp","href":"https:\/\/api.w.org\/{rel}","templated":true}]}}